{"id":454,"date":"2022-10-27T16:04:34","date_gmt":"2022-10-27T14:04:34","guid":{"rendered":"http:\/\/wingchunfreiburg.de\/?page_id=454"},"modified":"2022-10-27T16:41:44","modified_gmt":"2022-10-27T14:41:44","slug":"datenschutzerklaerung","status":"publish","type":"page","link":"https:\/\/wingchunfreiburg.de\/?page_id=454","title":{"rendered":"Datenschutzerkl\u00e4rung"},"content":{"rendered":"\n<p><\/p>\n\n\n\n<h1 class=\"wp-block-heading\">Datenschutzerkl\u00e4rung nach der DSGVO<\/h1>\n\n\n\n<h2 class=\"wp-block-heading\">I. Name und Anschrift des Verantwortlichen<\/h2>\n\n\n\n<p>Verantwortlicher im Sinne der Datenschutz-Grundverordnung sowie sonstiger datenschutzrechtlicher Bestimmungen ist:<\/p>\n\n\n\n<p>Gerhard Niclas<\/p>\n\n\n\n<p>Georg Elser Stra\u00dfe 2<\/p>\n\n\n\n<p>79100 Freiburg<br>Deutschland<\/p>\n\n\n\n<p>Telefon: 0176 70138826<br>E-Mail: wingchunfreiburg@posteo.de<br>Website: www.wingchunfreiburg.de<\/p>\n\n\n\n<h2 class=\"wp-block-heading\">II. Allgemeines zur Datenverarbeitung<\/h2>\n\n\n\n<h2 class=\"wp-block-heading\">1. Umfang der Verarbeitung personenbezogener Daten<\/h2>\n\n\n\n<p>Ich verarbeite personenbezogene Daten meiner Nutzer grunds\u00e4tzlich nur, soweit dies zur Bereitstellung einer funktionsf\u00e4higen Website sowie meiner Inhalte und Leistungen erforderlich ist. Die Verarbeitung personenbezogener Daten meiner Nutzer erfolgt regelm\u00e4\u00dfig nur nach Einwilligung des Nutzers. Eine Ausnahme gilt in solchen F\u00e4llen, in denen eine vorherige Einholung einer Einwilligung aus tats\u00e4chlichen Gr\u00fcnden nicht m\u00f6glich ist und die Verarbeitung der Daten durch gesetzliche Vorschriften gestattet ist.<br>Ich erheben auf dieser Website von Ihnen in keinem Fall Daten zu dem Zweck, R\u00fcckschl\u00fcsse auf Ihre Person zu ziehen.<\/p>\n\n\n\n<p>Die Website verwendet keine Cookies, keine Analyse-Tools und keine Social-Media-Plug-Ins.<\/p>\n\n\n\n<h2 class=\"wp-block-heading\">2. Datenl\u00f6schung und Speicherdauer<\/h2>\n\n\n\n<p>Die personenbezogenen Daten der betroffenen Person werden gel\u00f6scht oder gesperrt, sobald der Zweck der Speicherung entf\u00e4llt. Eine Speicherung kann dar\u00fcber hinaus erfolgen, wenn dies durch den europ\u00e4ischen oder nationalen Gesetzgeber in unionsrechtlichen Verordnungen, Gesetzen oder sonstigen Vorschriften, denen der Verantwortliche unterliegt, vorgesehen wurde. Eine Sperrung oder L\u00f6schung der Daten erfolgt auch dann, wenn eine durch die genannten Normen vorgeschriebene Speicherfrist abl\u00e4uft, es sei denn, dass eine Erforderlichkeit zur weiteren Speicherung der Daten f\u00fcr einen Vertragsabschluss oder eine Vertragserf\u00fcllung besteht.<\/p>\n\n\n\n<h2 class=\"wp-block-heading\">III. Bereitstellung der Website und Erstellung von Logfiles<\/h2>\n\n\n\n<h2 class=\"wp-block-heading\">1. Beschreibung und Umfang der Datenverarbeitung<\/h2>\n\n\n\n<p>Bei jedem Aufruf meiner Internetseite&nbsp; <a href=\"https:\/\/wingchunfreiburg.de\/\">www.wingchunfreiburg.de<\/a> werden durch den auf Ihrem Endger\u00e4t zum Einsatz kommenden Browser automatisch Informationen an den Server meiner Website gesendet. Diese Informationen werden tempor\u00e4r in einem sog. Logfile gespeichert. Folgende Informationen werden dabei ohne Ihr Zutun erfasst und bis zur automatisierten L\u00f6schung gespeichert:<\/p>\n\n\n\n<p>Informationen \u00fcber den Browsertyp und die verwendete Version<br>Das Betriebssystem des Nutzers<br>Den Internet-Service-Provider des Nutzers<br>Die IP-Adresse des Nutzers<br>Datum und Uhrzeit des Zugriffs<br>Websites, von denen das System des Nutzers auf meine Internetseite gelangt<br>Websites, die vom System des Nutzers \u00fcber meine Website aufgerufen werden<\/p>\n\n\n\n<p>Ich behalten mir zudem das Recht vor, die Log-Files bei Verdacht auf eine rechtswidrige Nutzung meines Angebotes nachtr\u00e4glich zu kontrollieren.<\/p>\n\n\n\n<h2 class=\"wp-block-heading\">2. Rechtsgrundlage f\u00fcr die Datenverarbeitung<\/h2>\n\n\n\n<p>Rechtsgrundlage f\u00fcr die vor\u00fcbergehende Speicherung der Daten und der Logfiles ist Art. 6 Abs. 1 lit. f DSGVO.<\/p>\n\n\n\n<h2 class=\"wp-block-heading\">3. Zweck der Datenverarbeitung<\/h2>\n\n\n\n<p>Die vor\u00fcbergehende Speicherung der IP-Adresse durch das System ist notwendig, um eine Auslieferung der Website an den Rechner des Nutzers zu erm\u00f6glichen. Hierf\u00fcr muss die IP-Adresse des Nutzers f\u00fcr die Dauer der Sitzung gespeichert bleiben.<br>Die Speicherung in Logfiles erfolgt, um die Funktionsf\u00e4higkeit der Website sicherzustellen. Zudem dienen mir die Daten zur Optimierung der Website und zur Sicherstellung der Sicherheit meiner informationstechnischen Systeme. Eine Auswertung der Daten zu Marketingzwecken findet in diesem Zusammenhang nicht statt.<br>In diesen Zwecken liegt auch unser berechtigtes Interesse an der Datenverarbeitung nach Art.&nbsp;6 Abs.&nbsp;1 lit.&nbsp;f DSGVO.<\/p>\n\n\n\n<h2 class=\"wp-block-heading\">4. Dauer der Speicherung<\/h2>\n\n\n\n<p>Die Daten werden gel\u00f6scht, sobald sie f\u00fcr die Erreichung des Zweckes ihrer Erhebung nicht mehr erforderlich sind. Im Falle der Erfassung der Daten zur Bereitstellung der Website ist dies der Fall, wenn die jeweilige Sitzung beendet ist.<br>Im Falle der Speicherung der Daten in Logfiles ist dies nach sp\u00e4testens sieben Tagen der Fall. Eine dar\u00fcberhinausgehende Speicherung ist m\u00f6glich. In diesem Fall werden die IP-Adressen der Nutzer gel\u00f6scht oder verfremdet, sodass eine Zuordnung des aufrufenden Clients nicht mehr m\u00f6glich ist.<\/p>\n\n\n\n<h2 class=\"wp-block-heading\">5. Widerspruchs- und Beseitigungsm\u00f6glichkeit<\/h2>\n\n\n\n<p>Die Erfassung der Daten zur Bereitstellung der Website und die Speicherung der Daten in Logfiles ist f\u00fcr den Betrieb der Internetseite zwingend erforderlich. Es besteht folglich seitens des Nutzers keine Widerspruchsm\u00f6glichkeit.<\/p>\n\n\n\n<h2 class=\"wp-block-heading\">IV. E-Mail-Kontakt<\/h2>\n\n\n\n<h2 class=\"wp-block-heading\">1. Beschreibung und Umfang der Datenverarbeitung<\/h2>\n\n\n\n<p>Auf meiner Internetseite ist eine Kontaktaufnahme \u00fcber die bereitgestellte E-Mail-Adresse m\u00f6glich. In diesem Fall werden die mit der E-Mail \u00fcbermittelten personenbezogenen Daten des Nutzers gespeichert.<br>Es erfolgt in diesem Zusammenhang keine Weitergabe der Daten an Dritte. Die Daten werden ausschlie\u00dflich f\u00fcr die Verarbeitung der Konversation verwendet.<\/p>\n\n\n\n<h2 class=\"wp-block-heading\">2. Rechtsgrundlage f\u00fcr die Datenverarbeitung<\/h2>\n\n\n\n<p>Rechtsgrundlage f\u00fcr die Verarbeitung der Daten, die im Zuge einer \u00dcbersendung einer E-Mail \u00fcbermittelt werden, ist Art.&nbsp;6 Abs.&nbsp;1 lit.&nbsp;f DSGVO. Zielt der E-Mail-Kontakt auf den Abschluss eines Vertrages ab, so ist zus\u00e4tzliche Rechtsgrundlage f\u00fcr die Verarbeitung Art.&nbsp;6 Abs.&nbsp;1 lit.&nbsp;b DSGVO.<\/p>\n\n\n\n<h2 class=\"wp-block-heading\">3. Zweck der Datenverarbeitung<\/h2>\n\n\n\n<p>Im Falle einer Kontaktaufnahme per E-Mail dient mir die Verarbeitung der personenbezogenen Daten allein zur Bearbeitung der Kontaktaufnahme.<\/p>\n\n\n\n<h2 class=\"wp-block-heading\">4. Dauer der Speicherung<\/h2>\n\n\n\n<p>Die Daten werden gel\u00f6scht, sobald sie f\u00fcr die Erreichung des Zweckes ihrer Erhebung nicht mehr erforderlich sind. F\u00fcr die personenbezogenen Daten, die per E-Mail \u00fcbersandt wurden, ist dies dann der Fall, wenn die jeweilige Konversation mit dem Nutzer beendet ist. Beendet ist die Konversation dann, wenn sich aus den Umst\u00e4nden entnehmen l\u00e4sst, dass der betroffene Sachverhalt abschlie\u00dfend gekl\u00e4rt ist.<\/p>\n\n\n\n<h2 class=\"wp-block-heading\">5 .Widerspruchs- und Beseitigungsm\u00f6glichkeit<\/h2>\n\n\n\n<p>Nimmt der Nutzer per E-Mail Kontakt mit mir auf, so kann er der Speicherung seiner personenbezogenen Daten jederzeit widersprechen. In einem solchen Fall kann die Konversation nicht fortgef\u00fchrt werden.<br>Alle personenbezogenen Daten, die im Zuge der Kontaktaufnahme gespeichert wurden, werden in diesem Fall gel\u00f6scht.<\/p>\n\n\n\n<h2 class=\"wp-block-heading\">V. Rechte der betroffenen Person<\/h2>\n\n\n\n<p>Sie haben als Nutzer das Recht auf Antrag kostenlose Auskunft dar\u00fcber zu erhalten, welche personenbezogenen Daten \u00fcber Sie gespeichert wurden und\/oder eine Berichtigung, Sperrung oder L\u00f6schung zu verlangen.<br>Ausnahmen:<br>Das Recht auf L\u00f6schung besteht nicht, wenn es sich um vorgeschriebene Datenspeicherung zur Gesch\u00e4ftsabwicklung&nbsp; oder einer gesetzlichen Aufbewahrungspflicht handelt.<\/p>\n\n\n\n<p>Diese Datenschutzerkl\u00e4rung ist aktuell g\u00fcltig und hat den Stand Oktober 2022.<br>Durch die Weiterentwicklung meiner Website und Angebote dar\u00fcber oder aufgrund ge\u00e4nderter gesetzlicher beziehungsweise beh\u00f6rdlicher Vorgaben kann es notwendig werden, diese Datenschutzerkl\u00e4rung zu \u00e4ndern. Die jeweils aktuelle Datenschutzerkl\u00e4rung kann jederzeit auf der Website unter <a href=\"https:\/\/wingchunfreiburg.de\/\">www.wingchunfreiburg.de<\/a> von Ihnen abgerufen und ausgedruckt werden.<\/p>\n","protected":false},"excerpt":{"rendered":"<p>Datenschutzerkl\u00e4rung nach der DSGVO I. Name und Anschrift des Verantwortlichen Verantwortlicher im Sinne der Datenschutz-Grundverordnung sowie sonstiger datenschutzrechtlicher Bestimmungen ist: Gerhard Niclas Georg Elser Stra\u00dfe 2 79100 FreiburgDeutschland Telefon: 0176 70138826E-Mail: wingchunfreiburg@posteo.deWebsite: www.wingchunfreiburg.de II. Allgemeines zur Datenverarbeitung 1. Umfang der Verarbeitung personenbezogener Daten Ich verarbeite personenbezogene Daten meiner Nutzer grunds\u00e4tzlich nur, soweit dies zur Bereitstellung [&hellip;]<\/p>\n","protected":false},"author":1,"featured_media":0,"parent":0,"menu_order":0,"comment_status":"closed","ping_status":"closed","template":"","meta":{"ngg_post_thumbnail":0,"footnotes":""},"class_list":["post-454","page","type-page","status-publish","hentry"],"_links":{"self":[{"href":"https:\/\/wingchunfreiburg.de\/index.php?rest_route=\/wp\/v2\/pages\/454","targetHints":{"allow":["GET"]}}],"collection":[{"href":"https:\/\/wingchunfreiburg.de\/index.php?rest_route=\/wp\/v2\/pages"}],"about":[{"href":"https:\/\/wingchunfreiburg.de\/index.php?rest_route=\/wp\/v2\/types\/page"}],"author":[{"embeddable":true,"href":"https:\/\/wingchunfreiburg.de\/index.php?rest_route=\/wp\/v2\/users\/1"}],"replies":[{"embeddable":true,"href":"https:\/\/wingchunfreiburg.de\/index.php?rest_route=%2Fwp%2Fv2%2Fcomments&post=454"}],"version-history":[{"count":4,"href":"https:\/\/wingchunfreiburg.de\/index.php?rest_route=\/wp\/v2\/pages\/454\/revisions"}],"predecessor-version":[{"id":474,"href":"https:\/\/wingchunfreiburg.de\/index.php?rest_route=\/wp\/v2\/pages\/454\/revisions\/474"}],"wp:attachment":[{"href":"https:\/\/wingchunfreiburg.de\/index.php?rest_route=%2Fwp%2Fv2%2Fmedia&parent=454"}],"curies":[{"name":"wp","href":"https:\/\/api.w.org\/{rel}","templated":true}]}}